{"id":5414,"date":"2022-07-06T11:37:20","date_gmt":"2022-07-06T09:37:20","guid":{"rendered":"https:\/\/gkmke.sk\/zstemp\/?page_id=5414"},"modified":"2026-01-10T06:10:25","modified_gmt":"2026-01-10T05:10:25","slug":"prevencia","status":"publish","type":"page","link":"https:\/\/gkmke.sk\/zs\/prevencia\/","title":{"rendered":"Prevencia"},"content":{"rendered":"\n<h2 class=\"wp-block-heading\"><\/h2>\n\n\n<h3 data-olk-copy-source=\"MessageBody\">\u0160kolsk\u00fd psychol\u00f3g: <b>Mgr. Izabela Fodor<\/b><\/h3>\n<h4 data-olk-copy-source=\"MessageBody\">Pracovn\u00e1 doba: <b>v utorok, v stredu a ka\u017ed\u00fd druh\u00fd \u0161tvrtok (7.30 \u2013 15.30)<\/b><br \/>V pr\u00edpade potreby nev\u00e1hajte \u0161kolsk\u00fa psychologi\u010dku kontaktova\u0165 osobne alebo e-mailom.<\/h4>\n<div data-olk-copy-source=\"MessageBody\">\u00a0<\/div>\n<h3>Pri prevent\u00edvnych programoch \u010falej spolupracujeme s:<\/h3>\n<ul>\n<li>\n<h3>CPP Zuzkin park<\/h3>\n<\/li>\n<li>\n<h3>\u00daPSVaR<\/h3>\n<\/li>\n<li>\n<h3>Pol\u00edciou SR &#8211; s odborom prevencie<\/h3>\n<\/li>\n<li>\n<h3 class=\"x_elementToProof\">UNICEF<\/h3>\n<\/li>\n<li>\n<h3 class=\"x_elementToProof\">Festival Jeden Svet<\/h3>\n<\/li>\n<li>\n<h3 class=\"x_elementToProof\">Viano\u010dn\u00e1 po\u0161ta<\/h3>\n<\/li>\n<li>\n<h3><span data-olk-copy-source=\"MessageBody\">CHU\u0164 \u017dI\u0164<\/span><\/h3>\n<\/li>\n<\/ul>\n<p>\u00a0<\/p>\n\n\n<\/p>\n<h2 class=\"wp-block-heading\">Odpor\u00fa\u010dania na zdrav\u00e9 pou\u017e\u00edvanie obrazoviek u det\u00ed a dospievaj\u00facich<\/h2>\n<p>\n\n\n\n<\/p>\n<ul class=\"wp-block-list\">\n\n<li>na pr\u00edprave dokumentu sa spolupodie\u013eal V\u00daDPaP spolu s Ministerstvom zdravotn\u00edctva SR a \u010fal\u0161\u00edmi odborn\u00edkmi.<\/li>\n\n \n\n<li><strong>odpor\u00fa\u010dania na zdrav\u00e9 pou\u017e\u00edvanie obrazoviek u det\u00ed a dospievaj\u00facich<\/strong>\u00a0prin\u00e1\u0161aj\u00fa jasn\u00e9 tipy pre rodi\u010dov aj odborn\u00edkov \u2013 od najmen\u0161\u00edch det\u00ed a\u017e po t\u00edned\u017eerov.<\/li>\n\n \n\n<li>cel\u00fd dokument vo form\u00e1te pdf:\u00a0<a href=\"https:\/\/gkmke.sk\/wp-content\/uploads\/2025\/10\/ODPORUCANIA_display.pdf\">ODPORUCANIA_display<\/a><\/li>\n\n \n\n<li>dokument na webe \u0161koly: <a href=\"https:\/\/gkmke.sk\/prevencia\/\" target=\"_blank\" rel=\"noreferrer noopener\">https:\/\/gkmke.sk\/prevencia\/<\/a><\/li>\n\n<\/ul>\n<p>\u00a0<\/p>\n<p>\n\n\n<\/p>\n<h2>Prevencia \u0161ikanovania<\/h2>\n<\/p>\n<div>\u0160kola v spolupr\u00e1ci s CPP a \u017eiakmi \u0161koly postupne vypracovali:\u00a0 <strong>Celo\u0161kolsk\u00fd syst\u00e9mov\u00fd program proti \u0161ikanovaniu<\/strong>, ktor\u00e9ho v\u00fdsledkom je <strong>CHARTA proti \u0161ikanovaniu<\/strong>. Je umiestnen\u00e1 v ka\u017edej triede a v ka\u017edom trakte na ka\u017edej chodbe z\u00e1kladnej \u0161koly.<\/div>\n<\/p>\n<div><strong>Prevencia a rie\u0161enie \u0161ikanovania<\/strong><\/div>\n<div>Pri rie\u0161en\u00ed \u0161ikanovania sa \u0161kola riadi <a href=\"https:\/\/www.minedu.sk\/data\/att\/16073.pdf\" target=\"_blank\" rel=\"noopener\">Smernicou \u010d. 36\/2018<\/a> k prevencii a rie\u0161eniu \u0161ikanovania det\u00ed a \u017eiakov v \u0161kol\u00e1ch a \u0161kolsk\u00fdch zariadeniach.<\/div>\n<div><strong>Defin\u00edcia \u0161ikanovania:<\/strong> \u0160ikanovanie je spr\u00e1vanie, ke\u010f jeden alebo viac \u017eiakov \u00famyselne, opakovane, dlhodobo a skryte ubli\u017euje vybran\u00e9mu \u017eiakovi alebo skupine \u017eiakov; rob\u00ed alebo hovor\u00ed nie\u010do, \u010do je mu nepr\u00edjemn\u00e9 a \u017eiak sa nedok\u00e1\u017ee alebo z najr\u00f4znej\u0161\u00edch pr\u00ed\u010din nem\u00f4\u017ee br\u00e1ni\u0165.<\/div>\n<div>Prevencia na \u0161kole prebieha v dvoch rovin\u00e1ch:<\/div>\n<div><strong>&#8211; v \u0161ir\u0161ej rovine<\/strong> predstavuje s\u00fabor opatren\u00ed, ktor\u00e9 eliminuj\u00fa vznik \u0161ikanovania alebo spoma\u013euj\u00fa jeho v\u00fdvoj. Na na\u0161ej \u0161kole s\u00fa tak\u00fdmito prevent\u00edvnymi opatreniami: monitoring soci\u00e1lnej kl\u00edmy triedy, informa\u010dn\u00e1 n\u00e1stenka, sp\u00f4sob prij\u00edmania podnetov, schr\u00e1nka d\u00f4very, sie\u0165ovanie subjektov. Prevent\u00edvne opatrenia umo\u017e\u0148uj\u00fa zachyti\u0165 pr\u00edznaky \u0161ikanovania v po\u010diato\u010dn\u00fdch f\u00e1zach, \u010do sa ukazuje ako k\u013e\u00fa\u010dov\u00e9 pri jeho rie\u0161en\u00ed.<\/div>\n<div><strong>&#8211; v u\u017e\u0161ej rovine <\/strong>ide o realiz\u00e1ciu prevent\u00edvnych \u010dinnost\u00ed \u2013 aktiv\u00edt, programov a in\u00fdch foriem, ktor\u00e9 s\u00fa \u0161pecificky smerovan\u00e9 na problematiku \u0161ikanovania. Na na\u0161ej \u0161kole s\u00fa to napr. triednick\u00e9 hodiny, rann\u00e9 kruhy, sv\u00e4t\u00e9 om\u0161e, duchovn\u00e9 obnovy, Dni s triednym u\u010dite\u013eom, spolupr\u00e1ca triedneho u\u010dite\u013ea s podporn\u00fdm t\u00edmom, neakceptovanie ironizovania, sexu\u00e1lnych nar\u00e1\u017eok a pod.<\/div>\n<\/p>\n<div><strong>Z\u00e1kladn\u00e9 princ\u00edpy, ktor\u00fdmi sa na\u0161a \u0161kola riadi v oblasti prevencie \u0161ikanovania:<\/strong><\/div>\n<div>1) \u0160ikanovanie sa nepodce\u0148uje, nebagatelizuje a ka\u017ed\u00fd podnet sa pre\u0161etruje<\/div>\n<div>2) \u0160kola m\u00e1 spracovan\u00fa smernicu, postup na rie\u0161enie podnetov<\/div>\n<div>3) Pedag\u00f3govia a hlavne triedni u\u010ditelia sleduj\u00fa triednu kl\u00edmu, spr\u00e1vanie a vz\u0165ahy medzi \u017eiakmi<\/div>\n<div>4) Vytv\u00e1rame priestor na budovanie soci\u00e1lnych zru\u010dnost\u00ed \u017eiakov<\/div>\n<div>5) Vytv\u00e1rame bezpe\u010dn\u00fd priestor na zdie\u013eanie pocitov \u017eiakov<\/div>\n<div>6) Spolupracujeme s CPP a Mestskou pol\u00edciou na pravideln\u00fdch prevent\u00edvnych programoch<\/div>\n<div>7) Vytv\u00e1rame vlastn\u00e9 prevent\u00edvne programy<\/div>\n<div>8) Ka\u017edodenn\u00e1 pr\u00edtomnos\u0165 k\u0148aza na \u0161kole, mo\u017enos\u0165 rozhovoru<\/div>\n<div>9) Ka\u017edodenn\u00e1 pr\u00edtomnos\u0165 \u0161kolsk\u00e9ho psychol\u00f3ga a mo\u017enos\u0165 rozhovoru kedyko\u013evek po\u010das d\u0148a<\/div>\n<div>10) Pr\u00edtomnos\u0165 interven\u010dn\u00e9ho t\u00edmu na \u0161kole<\/div>\n<\/p>\n<div>Zdroj: <a href=\"https:\/\/www.minedu.sk\/data\/att\/24745.pdf\" target=\"_blank\" rel=\"noopener\">https:\/\/www.minedu.sk\/data\/att\/24745.pdf<\/a><\/div>\n<\/p>\n<h3>\u0160kolsk\u00fd rok 2025\/2026<\/h3>\n<\/p>\n<h3>\u0160kolsk\u00fd rok 2024\/2025<\/h3>\n<div class=\"x_elementToProof\" data-olk-copy-source=\"MessageBody\">Komplexn\u00fd preven\u010dn\u00fd program PPP Chu\u0165 \u017ei\u0165 &#8211;\u00a0 realizovan\u00fd v piatich moduloch a v \u0161tyroch skupin\u00e1ch v siedmom ro\u010dn\u00edku.<\/div>\n<div class=\"x_elementToProof\">\u00a0<\/div>\n<div class=\"x_elementToProof\"><a href=\"https:\/\/chutzit.sk\/prevencny-program-pre-skoly\/\" target=\"_blank\" rel=\"noopener\">preven\u010dn\u00fd program pre \u0161koly | Chu\u0165 \u017ei\u0165<\/a><\/div>\n<div class=\"x_elementToProof\">\n<ul>\n<li>\n<h4>IT aktivity\/prevencia:<\/h4>\n<ul>\n<li>aktivity <a href=\"https:\/\/gkmke.sk\/gym\/kyberneticka-bezpecnost\/\">KyberT\u00edmu<\/a><\/li>\n<\/ul>\n<\/li>\n<li style=\"list-style-type: none;\">\u00a0<\/li>\n<\/ul>\n<\/div>","protected":false},"excerpt":{"rendered":"<p>\u0160kolsk\u00fd psychol\u00f3g: Mgr. Izabela Fodor Pracovn\u00e1 doba: v utorok, v stredu a ka\u017ed\u00fd druh\u00fd \u0161tvrtok (7.30 \u2013 15.30)V pr\u00edpade potreby nev\u00e1hajte \u0161kolsk\u00fa psychologi\u010dku kontaktova\u0165 osobne alebo e-mailom. \u00a0 Pri prevent\u00edvnych programoch \u010falej spolupracujeme s: CPP Zuzkin park \u00daPSVaR Pol\u00edciou SR &hellip; <\/p>\n","protected":false},"author":3,"featured_media":5415,"parent":0,"menu_order":0,"comment_status":"closed","ping_status":"closed","template":"","meta":{"_acf_changed":false,"footnotes":""},"class_list":["post-5414","page","type-page","status-publish","has-post-thumbnail","hentry"],"acf":[],"_links":{"self":[{"href":"https:\/\/gkmke.sk\/zs\/wp-json\/wp\/v2\/pages\/5414","targetHints":{"allow":["GET"]}}],"collection":[{"href":"https:\/\/gkmke.sk\/zs\/wp-json\/wp\/v2\/pages"}],"about":[{"href":"https:\/\/gkmke.sk\/zs\/wp-json\/wp\/v2\/types\/page"}],"author":[{"embeddable":true,"href":"https:\/\/gkmke.sk\/zs\/wp-json\/wp\/v2\/users\/3"}],"replies":[{"embeddable":true,"href":"https:\/\/gkmke.sk\/zs\/wp-json\/wp\/v2\/comments?post=5414"}],"version-history":[{"count":1,"href":"https:\/\/gkmke.sk\/zs\/wp-json\/wp\/v2\/pages\/5414\/revisions"}],"predecessor-version":[{"id":19419,"href":"https:\/\/gkmke.sk\/zs\/wp-json\/wp\/v2\/pages\/5414\/revisions\/19419"}],"wp:featuredmedia":[{"embeddable":true,"href":"https:\/\/gkmke.sk\/zs\/wp-json\/"}],"wp:attachment":[{"href":"https:\/\/gkmke.sk\/zs\/wp-json\/wp\/v2\/media?parent=5414"}],"curies":[{"name":"wp","href":"https:\/\/api.w.org\/{rel}","templated":true}]}}